{"id":10981,"date":"2018-10-07T08:07:40","date_gmt":"2018-10-07T08:07:40","guid":{"rendered":"http:\/\/www.guretalde.net\/es\/?page_id=10981"},"modified":"2026-07-03T17:45:57","modified_gmt":"2026-07-03T17:45:57","slug":"temporadas-anteriores","status":"publish","type":"page","link":"https:\/\/guretalde.net\/index.php\/temporadas-anteriores\/","title":{"rendered":"Temporadas Anteriores"},"content":{"rendered":"\t\t<div data-elementor-type=\"wp-page\" data-elementor-id=\"10981\" class=\"elementor elementor-10981\" data-elementor-post-type=\"page\">\n\t\t\t\t<div class=\"elementor-element elementor-element-2a90761 e-flex e-con-boxed e-con e-parent\" data-id=\"2a90761\" data-element_type=\"container\" data-e-type=\"container\" data-settings=\"{&quot;background_background&quot;:&quot;classic&quot;}\">\n\t\t\t\t\t<div class=\"e-con-inner\">\n\t\t\t\t<div class=\"elementor-element elementor-element-32d6a7e texto-giratorio orden-animacion elementor-widget elementor-widget-heading\" data-id=\"32d6a7e\" data-element_type=\"widget\" data-e-type=\"widget\" data-widget_type=\"heading.default\">\n\t\t\t\t\t<h1 class=\"elementor-heading-title elementor-size-default\">Temporadas anteriores<\/h1>\t\t\t\t<\/div>\n\t\t\t\t\t<\/div>\n\t\t\t\t<\/div>\n\t\t<div class=\"elementor-element elementor-element-72d5012 e-flex e-con-boxed e-con e-parent\" data-id=\"72d5012\" data-element_type=\"container\" data-e-type=\"container\" data-settings=\"{&quot;background_background&quot;:&quot;classic&quot;}\">\n\t\t\t\t\t<div class=\"e-con-inner\">\n\t\t\t\t<div class=\"elementor-element elementor-element-3aae8ca elementor-widget elementor-widget-text-editor\" data-id=\"3aae8ca\" data-element_type=\"widget\" data-e-type=\"widget\" data-widget_type=\"text-editor.default\">\n\t\t\t\t\t\t\t\t\t<section class=\"temporada\"><h3>Temporada 2019-2020<\/h3><div class=\"bloque-liga\"><h4>Ligas nacionales<\/h4><article class=\"equipo\"><h5>Segunda Nacional \u2013 Gure Talde<\/h5><p><strong>Jugadores:<\/strong><\/p><ul><li>Ander Aurrekoetxea (D)<\/li><li>Imanol Martinez<\/li><li>Jon Iparraguirre<\/li><li>Oskar Gutierrez<\/li><\/ul><\/article><article class=\"equipo\"><h5>Segunda Nacional \u2013 Portugalete<\/h5><p><strong>Jugadores:<\/strong><\/p><ul><li>Eder Castresana (D)<\/li><li>Aitor Angulo<\/li><li>Alejandro Moreno<\/li><li>I\u00f1aki Olmo<\/li><\/ul><\/article><\/div><div class=\"bloque-liga\"><h4>Ligas auton\u00f3micas<\/h4><article class=\"equipo\"><h5>Divisi\u00f3n Honor Vasca \u2013 Gure Talde<\/h5><p><strong>Jugadores:<\/strong><\/p><ul><li>Fernando Oteo (D)<\/li><li>Gaizka Herrojo<\/li><li>Alain Carrasco<\/li><\/ul><\/article><article class=\"equipo\"><h5>Primera Divisi\u00f3n Vasca \u2013 Gure Talde<\/h5><p><strong>Jugadores:<\/strong><\/p><ul><li>Josu Ocariz (D)<\/li><li>Gabriel Temprano<\/li><li>Mikel Pascual<\/li><li>Mikel Rodriguez<\/li><\/ul><\/article><article class=\"equipo\"><h5>Primera Divisi\u00f3n Vasca \u2013 Portugalete<\/h5><p><strong>Jugadores:<\/strong><\/p><ul><li>Eduardo Arenas (D)<\/li><li>Aitor Cabello<\/li><li>Aitor Tajada<\/li><\/ul><\/article><article class=\"equipo\"><h5>Segunda Divisi\u00f3n Vasca \u2013 Gure Talde<\/h5><p><strong>Jugadores:<\/strong><\/p><ul><li>Patricio Jorge (D)<\/li><li>Aimar Sanchez<\/li><li>Eleder Calleja<\/li><li>Angel Escobar<\/li><li>Richard Lorenzo<\/li><li>Iker Puente<\/li><li>Ander Gutierrez<\/li><\/ul><\/article><\/div><\/section><section class=\"temporada\"><h3>Temporada 2018-2019<\/h3><div class=\"bloque-liga\"><h4>Ligas nacionales<\/h4><article class=\"equipo\"><h5>Segunda Nacional \u2013 Grupo 2<\/h5><p><strong>Jugadores:<\/strong><\/p><ul><li>Mikel Partera (D)<\/li><li>Imanol Martinez<\/li><li>Jon Iparraguirre<\/li><li>Ander Aurrekoetxea<\/li><li>I\u00f1aki Olmo<\/li><\/ul><\/article><article class=\"equipo\"><h5>Tercera Nacional \u2013 DHV<\/h5><p><strong>Jugadores:<\/strong><\/p><ul><li>Eder Castresana (D)<\/li><li>Aitor Angulo<\/li><li>Alejandro Moreno<\/li><li>I\u00f1aki Agraso<\/li><li>Alain Carrasco<\/li><\/ul><\/article><\/div><div class=\"bloque-liga\"><h4>Ligas auton\u00f3micas<\/h4><article class=\"equipo\"><h5>Primera Divisi\u00f3n Vasca \u2013 Gure Talde<\/h5><p><strong>Jugadores:<\/strong><\/p><ul><li>Aitor Intxaurraga (D)<\/li><li>Fernando Oteo<\/li><li>Mikel Rodriguez<\/li><\/ul><\/article><article class=\"equipo\"><h5>Primera Divisi\u00f3n Vasca \u2013 Portugalete<\/h5><p><strong>Jugadores:<\/strong><\/p><ul><li>Josu Ocariz (D)<\/li><li>Monica Jimenez<\/li><li>I\u00f1aki Gil<\/li><li>Edu Polanco<\/li><\/ul><\/article><article class=\"equipo\"><h5>Segunda Divisi\u00f3n Vasca \u2013 Gure Talde<\/h5><p><strong>Jugadores:<\/strong><\/p><ul><li>Aitor Cabello<\/li><li>Mikel Pascual<\/li><li>Ibai Perez<\/li><li>Gabriel Temprano<\/li><li>Aitor Tajada<\/li><\/ul><\/article><article class=\"equipo\"><h5>Segunda Divisi\u00f3n Vasca \u2013 Portugalete<\/h5><p><strong>Jugadores:<\/strong><\/p><ul><li>Eduardo Arenas (D)<\/li><li>Aimar Sanchez<\/li><li>Eleder Calleja<\/li><li>Angel Escobar<\/li><li>Richard Lorenzo<\/li><\/ul><\/article><\/div><\/section><section class=\"temporada\"><h3>Temporada 2010-2011<\/h3><p>Esta es, sin duda, la mejor temporada desde que se fund\u00f3 el club. El club saca 5 equipos en las diferentes categor\u00edas y todos con posibilidades de ascenso.<\/p><div class=\"bloque-liga\"><h4>Liga 2\u00aa Nacional<\/h4><article class=\"equipo\"><h5>Gure Talde<\/h5><p><strong>Jugadores:<\/strong><\/p><ul><li>Mikel Partera<\/li><li>Oskar Gutierrez<\/li><li>Kike Irineu<\/li><li>Zuhaitz Irastorza<\/li><\/ul><\/article><\/div><div class=\"bloque-liga\"><h4>Liga Auton\u00f3mica<\/h4><article class=\"equipo\"><h5>Primera \u2013 Gure Talde<\/h5><p><strong>Jugadores:<\/strong><\/p><ul><li>Aitor Intxaurraga<\/li><li>Gorka Mu\u00f1iz<\/li><li>Eduardo Arenas<\/li><li>Telmo X. Lersundi<\/li><li>Ruben Casado<\/li><\/ul><\/article><article class=\"equipo\"><h5>Primera \u2013 Portugalete<\/h5><p><strong>Jugadores:<\/strong><\/p><ul><li>Jesus Maria Tejedor Nu\u00f1ez<\/li><li>Jorge Tejedor Nu\u00f1ez<\/li><li>Aitor Angulo<\/li><li>Daniel Carreton<\/li><li>Luis Alberto Fernandez<\/li><li>Ramon Perales<\/li><li>Patricio Jorge Gonzalez<\/li><\/ul><\/article><article class=\"equipo\"><h5>Segunda \u2013 Gure Talde<\/h5><p><strong>Jugadores:<\/strong><\/p><ul><li>Ines Arana<\/li><li>Sandra Olmo<\/li><li>Mikel Rodriguez<\/li><li>Gonzalo Etxarri<\/li><li>Eder Collado<\/li><li>Bittor Hernandez<\/li><\/ul><\/article><article class=\"equipo\"><h5>Segunda \u2013 Fekoor \u2013 Gure Talde<\/h5><p><strong>Jugadores:<\/strong><\/p><ul><li>Iker Sastre<\/li><li>Porfi Hernandez<\/li><li>Joseba Duran<\/li><li>Josu Lezama<\/li><li>Andres Alonso<\/li><\/ul><\/article><\/div><\/section><section class=\"temporada\"><h3>Temporada 2009-2010<\/h3><p>Estos son los componentes de cada uno de los equipos:<\/p><article class=\"equipo\"><h5>Liga Nacional<\/h5><p><strong>Jugadores:<\/strong><\/p><ul><li>Eduardo Arenas<\/li><li>Aitor Intxaurraga<\/li><li>Gorka Mu\u00f1iz<\/li><li>Mikel Partera<\/li><li>Ruben Casado<\/li><li>Oskar Gutierrez<\/li><\/ul><\/article><article class=\"equipo\"><h5>Liga Auton\u00f3mica<\/h5><p><strong>Jugadores:<\/strong><\/p><ul><li>Jorge Tejedor<\/li><li>Jesus Maria Tejedor<\/li><li>Patricio Jorge<\/li><li>Pilar Rouco<\/li><li>Ines Arana<\/li><li>Iker Sastre<\/li><\/ul><\/article><\/section><section class=\"temporada\"><h3>Temporada 2008-2009<\/h3><p>Estos son los componentes de cada uno de los equipos:<\/p><article class=\"equipo\"><h5>Liga Nacional<\/h5><p><strong>Jugadores:<\/strong><\/p><ul><li>Eduardo Arenas<\/li><li>Jorge Tejedor<\/li><li>Aitor Intxaurraga<\/li><li>Gorka Mu\u00f1iz<\/li><li>Mikel Partera<\/li><li>Ruben Casado<\/li><li>David Alonso<\/li><\/ul><\/article><article class=\"equipo\"><h5>Liga Auton\u00f3mica<\/h5><p><strong>Jugadores:<\/strong><\/p><ul><li>Jesus Maria Tejedor<\/li><li>Patricio Jorge<\/li><li>Pilar Rouco<\/li><li>Ines Arana<\/li><\/ul><\/article><\/section><section class=\"temporada\"><h3>Temporada 2007-2008<\/h3><p>Estos son los componentes de cada uno de los equipos:<\/p><article class=\"equipo\"><h5>Liga Auton\u00f3mica<\/h5><p><strong>Jugadores:<\/strong><\/p><ul><li>Eduardo Arenas<\/li><li>Jesus Maria Tejedor<\/li><li>Jorge Tejedor<\/li><li>Aitor Intxaurraga<\/li><li>Gorka Mu\u00f1iz<\/li><li>Mikel Partera<\/li><\/ul><\/article><\/section><section class=\"temporada\"><h3>Temporada 2006-2007<\/h3><p>Esta temporada, el Club de Tenis de Mesa Gure Talde vuelve a jugar la Liga Auton\u00f3mica. Se clasifica entre los 4 primeros, por lo que juega la fase de ascenso a Segunda Nacional, pero finalmente no consigue su objetivo.<\/p><article class=\"equipo\"><h5>Liga Auton\u00f3mica<\/h5><p><strong>Jugadores:<\/strong><\/p><ul><li>Eduardo Arenas<\/li><li>Jesus Maria Tejedor<\/li><li>Jorge Tejedor<\/li><li>Aitor Intxaurraga<\/li><li>Gorka Mu\u00f1iz<\/li><li>Mikel Partera<\/li><\/ul><\/article><\/section><section class=\"temporada\"><h3>Temporada 2005-2006<\/h3><p>Sin datos.<\/p><\/section><section class=\"temporada\"><h3>Temporada 2004-2005<\/h3><p>Sin datos.<\/p><\/section><section class=\"temporada\"><h3>Temporada 2003-2004<\/h3><p>Sin datos.<\/p><\/section><section class=\"temporada\"><h3>Temporada 2002-2003<\/h3><p>Sin datos.<\/p><\/section><section class=\"temporada\"><h3>Temporada 2001-2002<\/h3><p>Estos son los componentes de cada uno de los equipos:<\/p><div class=\"bloque-liga\"><h4>Liga Nacional<\/h4><article class=\"equipo\"><h5>Segunda Masculina \u2013 Gure Talde<\/h5><p><strong>Jugadores:<\/strong><\/p><ul><li>Patricio Jorge Gonzalez (Delegado)<\/li><li>I\u00f1aki Oteo<\/li><li>Eduardo Arenas P\u00e9rez<\/li><li>Ruben Casado<\/li><li>Mikel Partera<\/li><li>Enrique Jimenez<\/li><li>Sergio Garcia<\/li><\/ul><\/article><\/div><div class=\"bloque-liga\"><h4>Liga Provincial<\/h4><article class=\"equipo\"><h5>Primera \u2013 Gure Talde \u00abA\u00bb<\/h5><p><strong>Jugadores:<\/strong><\/p><ul><li>Eduardo Arenas<\/li><li>Enrique Jimenez<\/li><li>Sergio Garcia<\/li><li>Josu Santiago<\/li><\/ul><\/article><article class=\"equipo\"><h5>Primera \u2013 Gure Talde \u00abB\u00bb<\/h5><p><strong>Jugadores:<\/strong><\/p><ul><li>Jorge Tejedor<\/li><li>Jesus M\u00aa Tejedor<\/li><li>Patricio Jorge<\/li><li>Vicente Sobrado<\/li><\/ul><\/article><article class=\"equipo\"><h5>Segunda \u2013 Gure Talde \u00abA\u00bb<\/h5><p><strong>Jugadores:<\/strong><\/p><ul><li>Arkaitz Herrero<\/li><li>Mikel Partera<\/li><li>Telmo Xabier Lersundi<\/li><li>Asier Fernandez<\/li><\/ul><\/article><article class=\"equipo\"><h5>Segunda \u2013 Gure Talde \u00abB\u00bb<\/h5><p><strong>Jugadores:<\/strong><\/p><ul><li>Jesus Maria Tejedor Nu\u00f1ez<\/li><li>Zigor de Go\u00f1i<\/li><li>Vicente Sobrado<\/li><li>Patricio Jorge<\/li><\/ul><\/article><article class=\"equipo\"><h5>Segunda \u2013 Gure Talde \u00abC\u00bb<\/h5><p><strong>Jugadores:<\/strong><\/p><ul><li>Endika Lerena<\/li><li>Josu Fernandez<\/li><li>Aitor Yague<\/li><li>Juan Carlos Vaquero<\/li><\/ul><\/article><article class=\"equipo\"><h5>Tercera \u2013 Gure Talde<\/h5><p><strong>Jugadores:<\/strong><\/p><ul><li>Ines Arana<\/li><li>Victor Peralta<\/li><li>Alvaro Gonzalez<\/li><li>Alba Patricia<\/li><\/ul><\/article><\/div><\/section><section class=\"temporada\"><h3>Temporada 2000-2001<\/h3><p>Estos son los componentes de cada uno de los equipos:<\/p><div class=\"bloque-liga\"><h4>Liga Nacional<\/h4><article class=\"equipo\"><h5>Segunda Masculina \u2013 Gure Talde<\/h5><p><strong>Jugadores:<\/strong><\/p><ul><li>Patricio Jorge Gonzalez (Delegado)<\/li><li>Jesus Maria Tejedor<\/li><li>Eduardo Arenas P\u00e9rez<\/li><li>Jose Antonio Horas<\/li><li>Aitor Orueta<\/li><li>Jorge Tejedor<\/li><li>Sergio Garcia<\/li><li>Josu Santiago<\/li><li>Aitor Intxaurraga<\/li><\/ul><\/article><\/div><div class=\"bloque-liga\"><h4>Liga Provincial<\/h4><article class=\"equipo\"><h5>Primera \u2013 Gure Talde \u00abA\u00bb<\/h5><p><strong>Jugadores:<\/strong><\/p><ul><li>Eduardo Arenas<\/li><li>Joseba Horas<\/li><li>Aitor Intxaurraga<\/li><li>Idoia Setien<\/li><\/ul><\/article><article class=\"equipo\"><h5>Primera \u2013 Gure Talde \u00abB\u00bb<\/h5><p><strong>Jugadores:<\/strong><\/p><ul><li>Jorge Tejedor<\/li><li>Josu Santiago<\/li><li>Sergio Garcia<\/li><li>Aitor Orueta<\/li><\/ul><\/article><article class=\"equipo\"><h5>Segunda \u2013 Gure Talde \u00abA\u00bb<\/h5><p><strong>Jugadores:<\/strong><\/p><ul><li>Arkaitz Herrero<\/li><li>Mikel Partera<\/li><li>Telmo Xabier Lersundi<\/li><li>Asier Fernandez<\/li><\/ul><\/article><article class=\"equipo\"><h5>Segunda \u2013 Gure Talde \u00abB\u00bb<\/h5><p><strong>Jugadores:<\/strong><\/p><ul><li>Jesus Maria Tejedor Nu\u00f1ez<\/li><li>Zigor de Go\u00f1i<\/li><li>Vicente Sobrado<\/li><li>Patricio Jorge<\/li><\/ul><\/article><article class=\"equipo\"><h5>Segunda \u2013 Gure Talde \u00abC\u00bb<\/h5><p><strong>Jugadores:<\/strong><\/p><ul><li>Endika Lerena<\/li><li>Josu Fernandez<\/li><li>Aitor Yague<\/li><li>Juan Carlos Vaquero<\/li><\/ul><\/article><article class=\"equipo\"><h5>Tercera \u2013 Gure Talde<\/h5><p><strong>Jugadores:<\/strong><\/p><ul><li>Ines Arana<\/li><li>Victor Peralta<\/li><li>Alvaro Gonzalez<\/li><li>Alba Patricia<\/li><\/ul><\/article><\/div><\/section><section class=\"temporada\"><h3>Temporada 1999-2000<\/h3><p>Estos son los componentes de cada uno de los equipos:<\/p><div class=\"bloque-liga\"><h4>Liga Nacional<\/h4><article class=\"equipo\"><h5>Segunda Masculina \u2013 Gure Talde \u2013 La Magdalena<\/h5><p><strong>Jugadores:<\/strong><\/p><ul><li>Patricio Jorge Gonzalez (Delegado)<\/li><li>Jesus Maria Tejedor<\/li><li>Eduardo Arenas P\u00e9rez<\/li><li>Jose Antonio Horas<\/li><li>Sergi Portugal Otaduy<\/li><li>Jorge Tejedor<\/li><li>Arkaitz Herrero<\/li><\/ul><\/article><article class=\"equipo\"><h5>Femenina \u2013 Gure Talde \u2013 U.P.V.<\/h5><p><strong>Jugadores:<\/strong><\/p><ul><li>Ines Arana<\/li><li>Pilar Rouco<\/li><li>Sonia de Prado<\/li><\/ul><\/article><\/div><div class=\"bloque-liga\"><h4>Liga Provincial<\/h4><article class=\"equipo\"><h5>Primera \u2013 Gure Talde<\/h5><p><strong>Jugadores:<\/strong><\/p><ul><li>Eduardo Arenas<\/li><li>Sergio Portugal<\/li><li>Jose Antonio Horas<\/li><\/ul><\/article><article class=\"equipo\"><h5>Segunda \u2013 Gure Talde<\/h5><p><strong>Jugadores:<\/strong><\/p><ul><li>Jesus Maria Tejedor Nu\u00f1ez<\/li><li>Jorge Tejedor Nu\u00f1ez<\/li><li>Vicente Sobrado<\/li><li>Patricio Jorge<\/li><li>Juan Carlos Vaquero<\/li><\/ul><\/article><article class=\"equipo\"><h5>Segunda \u2013 Gure Talde \u2013 U.P.V.<\/h5><p><strong>Jugadores:<\/strong><\/p><ul><li>Ines Arana<\/li><li>Pilar Rouco<\/li><li>Sonia de Prado<\/li><li>Aitor Intxaurraga<\/li><\/ul><\/article><article class=\"equipo\"><h5>Tercera \u2013 Gure Talde \u00abA\u00bb<\/h5><p><strong>Jugadores:<\/strong><\/p><ul><li>Sergio Garcia<\/li><li>Josu Pilas<\/li><li>Zigor<\/li><li>Alvaro<\/li><\/ul><\/article><article class=\"equipo\"><h5>Tercera \u2013 Gure Talde \u00abB\u00bb<\/h5><p><strong>Jugadores:<\/strong><\/p><ul><li>Arkaitz Herrero<\/li><li>Telmo Xabier<\/li><li>Asier Txiki<\/li><li>Mikel<\/li><\/ul><\/article><article class=\"equipo\"><h5>Tercera \u2013 Gure Talde \u2013 E.H.U.<\/h5><p><strong>Jugadores:<\/strong><\/p><ul><li>Victor<\/li><li>Piru<\/li><li>Endika Lerena<\/li><\/ul><\/article><\/div><\/section><section class=\"temporada\"><h3>Temporada 1998-1999<\/h3><p>Esta es, sin duda, la mejor temporada desde que se fund\u00f3 el club. Por primera vez se tiene un equipo en Primera que intentar\u00e1 mantener la categor\u00eda. Adem\u00e1s, el equipo de Segunda tiene como objetivo subir a Primera, y los tres equipos de Tercera est\u00e1n en condiciones de luchar por entrar en la liguilla de ascenso.<\/p><p>Estos son los componentes de cada uno de los equipos:<\/p><div class=\"bloque-liga\"><h4>Liga Provincial<\/h4><article class=\"equipo\"><h5>Primera \u2013 Gure Talde<\/h5><p><strong>Jugadores:<\/strong><\/p><ul><li>Aitor Intxaurraga<\/li><li>David Ulibarri Oses<\/li><li>Eduardo Arenas P\u00e9rez<\/li><\/ul><\/article><article class=\"equipo\"><h5>Segunda \u2013 Gure Talde<\/h5><p><strong>Jugadores:<\/strong><\/p><ul><li>Jesus Maria Tejedor Nu\u00f1ez<\/li><li>Jorge Tejedor Nu\u00f1ez<\/li><li>Sergio Portugal Otaduy<\/li><\/ul><\/article><article class=\"equipo\"><h5>Tercera \u2013 Gure Talde \u00abA\u00bb<\/h5><p><strong>Jugadores:<\/strong><\/p><ul><li>Patricio Jorge Gonzalez<\/li><li>Ines Arana<\/li><li>Vicente Sobrado Arribas<\/li><li>Sonia de Prado<\/li><li>Jose Antonio Horas<\/li><\/ul><\/article><article class=\"equipo\"><h5>Tercera \u2013 Gure Talde \u00abB\u00bb<\/h5><p><strong>Jugadores:<\/strong><\/p><ul><li>Raul Roizo<\/li><li>Pilar Rouco<\/li><li>Juan Carlos Vaquero<\/li><li>Gerardo<\/li><\/ul><\/article><article class=\"equipo\"><h5>Tercera \u2013 Zubi Alde<\/h5><p><strong>Jugadores:<\/strong><\/p><ul><li>Victor<\/li><li>Arkaitz<\/li><li>Pirata<\/li><li>Mikel<\/li><li>Asier \u00abTxiki\u00bb<\/li><\/ul><\/article><\/div><\/section><section class=\"temporada\"><h3>Temporada 1997-1998<\/h3><p>Esta temporada, al Club de Tenis de Mesa Gure Talde se une el Club Ibeko, con lo que refuerza su plantilla. Adem\u00e1s, el club vuelve a tener dos equipos en Segunda Provincial. Uno de los equipos de Segunda queda segundo y consigue el ascenso a Primera. En el Campeonato de Bizkaia, Victor Martinez lleg\u00f3 hasta la final de Segunda.<\/p><div class=\"bloque-liga\"><h4>Liga Provincial<\/h4><article class=\"equipo\"><h5>Segunda \u2013 Gure Talde \u00abA\u00bb<\/h5><p><strong>Jugadores:<\/strong><\/p><ul><li>Gorka Mu\u00f1iz<\/li><li>Aitor Intxaurraga<\/li><li>David Ulibarri Oses<\/li><li>Carlos Gonzalez<\/li><\/ul><\/article><article class=\"equipo\"><h5>Segunda \u2013 Gure Talde \u00abB\u00bb<\/h5><p><strong>Jugadores:<\/strong><\/p><ul><li>Jesus Maria Tejedor Nu\u00f1ez<\/li><li>Jorge Tejedor Nu\u00f1ez<\/li><li>Sergio Portugal Otaduy<\/li><li>Cesar Gonzalez<\/li><\/ul><\/article><article class=\"equipo\"><h5>Tercera \u2013 Gure Talde<\/h5><p><strong>Jugadores:<\/strong><\/p><ul><li>Patricio Jorge Gonzalez<\/li><li>Eduardo Arenas P\u00e9rez<\/li><li>Vicente Sobrado Arribas<\/li><li>Juan Carlos Vaquero<\/li><li>Raul Roizo Arenas<\/li><li>Victor Martinez<\/li><\/ul><\/article><\/div><\/section><section class=\"temporada\"><h3>Temporada 1996-1997<\/h3><p>En una temporada de transici\u00f3n, el equipo de Segunda se mantiene y el equipo de Tercera consigui\u00f3 el ascenso.<\/p><div class=\"bloque-liga\"><h4>Liga Provincial<\/h4><article class=\"equipo\"><h5>Segunda \u2013 Gure Talde<\/h5><p><strong>Jugadores:<\/strong><\/p><ul><li>Eduardo Arenas<\/li><li>Jesus Maria Tejedor<\/li><li>Carlos Gonzalez<\/li><\/ul><\/article><article class=\"equipo\"><h5>Tercera \u2013 Gure Talde \u00abA\u00bb<\/h5><p><strong>Jugadores:<\/strong><\/p><ul><li>Patricio Jorge Gonzalez<\/li><li>Sergio Portugal<\/li><li>Jorge Tejedor Nu\u00f1ez<\/li><li>Cesar Gonzalez<\/li><\/ul><\/article><article class=\"equipo\"><h5>Tercera \u2013 Gure Talde \u00abB\u00bb<\/h5><p><strong>Jugadores:<\/strong><\/p><ul><li>Aingeru<\/li><li>Raul Roizo<\/li><li>Mikel Alonso<\/li><\/ul><\/article><\/div><\/section><section class=\"temporada\"><h3>Temporada 1995-1996<\/h3><p>Despu\u00e9s de una temporada muy brillante, el equipo de Segunda consigue jugar la fase de ascenso, aunque no consigue quedar entre los 2 primeros.<\/p><div class=\"bloque-liga\"><h4>Liga Provincial<\/h4><article class=\"equipo\"><h5>Segunda \u2013 Gure Talde<\/h5><p><strong>Jugadores:<\/strong><\/p><ul><li>Patricio Jorge Gonzalez<\/li><li>Eduardo Arenas<\/li><li>Jesus Maria Tejedor<\/li><li>Pedro Luis Tomillo<\/li><li>Carlos Gonzalez<\/li><\/ul><\/article><article class=\"equipo\"><h5>Tercera \u2013 Gure Talde<\/h5><p><strong>Jugadores:<\/strong><\/p><ul><li>Jorge Tejedor<\/li><li>Javier Perez<\/li><li>Sergio Portugal<\/li><li>Jorge Sanchez<\/li><\/ul><\/article><article class=\"equipo\"><h5>Tercera \u2013 Gure Talde<\/h5><p><strong>Jugadores:<\/strong><\/p><ul><li>Cesar Gonzalez<\/li><li>Aingeru<\/li><li>Jorge<\/li><li>Raul Roizo<\/li><li>Ivan Mintegui<\/li><\/ul><\/article><\/div><\/section><section class=\"temporada\"><h3>Temporada 1994-1995<\/h3><p>Es la cuarta temporada del club en Segunda Provincial. Este a\u00f1o, por primera vez, el club tiene dos equipos en esta categor\u00eda. Despu\u00e9s de jugar la fase de descenso entre ellos, solo Gure Talde \u00abA\u00bb consigue mantener la categor\u00eda.<\/p><div class=\"bloque-liga\"><h4>Liga Provincial<\/h4><article class=\"equipo\"><h5>Segunda \u2013 Gure Talde \u00abA\u00bb<\/h5><p><strong>Jugadores:<\/strong><\/p><ul><li>Patricio Jorge Gonzalez<\/li><li>Eduardo Arenas<\/li><li>Jesus Maria Tejedor<\/li><li>Pedro Luis Tomillo<\/li><\/ul><\/article><article class=\"equipo\"><h5>Segunda \u2013 Gure Talde \u00abB\u00bb<\/h5><p><strong>Jugadores:<\/strong><\/p><ul><li>Carlos Gonzalez<\/li><li>Jorge Sanchez<\/li><li>Fernando Ruiz<\/li><li>I\u00f1aki \u00bf?<\/li><\/ul><\/article><article class=\"equipo\"><h5>Tercera \u2013 Gure Talde<\/h5><p><strong>Jugadores:<\/strong><\/p><ul><li>Raul Roizo<\/li><li>Pilar Rouco<\/li><li>I\u00f1aki \u00bf?<\/li><\/ul><\/article><\/div><\/section><section class=\"temporada\"><h3>Temporada 1993-1994<\/h3><p>Es la tercera temporada del club en Segunda Provincial. Despu\u00e9s de una temporada muy irregular, consigue salvar la categor\u00eda en la fase de descenso contra el equipo de Leioa \u00abB\u00bb. Por su parte, el equipo de Tercera consigue el ascenso.<\/p><div class=\"bloque-liga\"><h4>Liga Provincial<\/h4><article class=\"equipo\"><h5>Segunda \u2013 Gure Talde<\/h5><p><strong>Jugadores:<\/strong><\/p><ul><li>Patricio Jorge Gonzalez<\/li><li>Eduardo Arenas<\/li><li>Jesus Maria Tejedor<\/li><li>Pedro Luis Tomillo<\/li><\/ul><\/article><article class=\"equipo\"><h5>Tercera \u2013 Gure Talde<\/h5><p><strong>Jugadores:<\/strong><\/p><ul><li>Carlos Gonzalez<\/li><li>Jorge Sanchez<\/li><li>Fernando Ruiz<\/li><li>Pilar Rouco<\/li><\/ul><\/article><\/div><\/section><section class=\"temporada\"><h3>Temporada 1992-1993<\/h3><p>Es la segunda temporada del club en Segunda Provincial. Despu\u00e9s de una temporada muy irregular, consigue salvar la categor\u00eda en la fase de descenso.<\/p><div class=\"bloque-liga\"><h4>Liga Provincial<\/h4><article class=\"equipo\"><h5>Segunda \u2013 Gure Talde<\/h5><p><strong>Jugadores:<\/strong><\/p><ul><li>Eduardo Arenas<\/li><li>Jesus Maria Tejedor<\/li><li>Pedro Luis Tomillo<\/li><li>Pilar Rouco<\/li><\/ul><\/article><article class=\"equipo\"><h5>Tercera \u2013 Gure Talde<\/h5><p><strong>Jugadores:<\/strong><\/p><ul><li>Patricio Jorge Gonzalez<\/li><li>Jorge Sanchez<\/li><li>Carlos Gonzalez<\/li><li>Fernando Ruiz<\/li><li>Joseba Rodriguez<\/li><\/ul><\/article><\/div><\/section><section class=\"temporada\"><h3>Temporada 1991-1992<\/h3><p>Es la primera temporada del club en Segunda Provincial. Despu\u00e9s de una temporada muy irregular, consigue salvar la categor\u00eda en la fase de descenso.<\/p><div class=\"bloque-liga\"><h4>Liga Provincial<\/h4><article class=\"equipo\"><h5>Segunda \u2013 Gure Talde<\/h5><p><strong>Jugadores:<\/strong><\/p><ul><li>Patricio Jorge Gonzalez<\/li><li>Eduardo Arenas<\/li><li>Jesus Maria Tejedor<\/li><li>Pedro Luis Tomillo<\/li><\/ul><\/article><article class=\"equipo\"><h5>Tercera \u2013 Gure Talde<\/h5><p><strong>Jugadores:<\/strong><\/p><ul><li>Jorge Sanchez<\/li><li>Fernando Ruiz<\/li><li>Carlos Gonzalez<\/li><li>Josu Arenas<\/li><\/ul><\/article><\/div><\/section><section class=\"temporada\"><h3>Temporada 1990-1991<\/h3><p>Despu\u00e9s de un a\u00f1o de par\u00f3n, el club vuelve a las competiciones oficiales con un solo equipo en Tercera Divisi\u00f3n. A partir de este a\u00f1o, el local de juego pasa a ser el polideportivo municipal Zubi-Alde de Portugalete, donde lleva jugando desde la temporada 1990-1991 hasta la actualidad.<\/p><p>El polideportivo se construy\u00f3 hace 24 a\u00f1os, siendo los 3 primeros a\u00f1os una pista de hielo, para luego, tras una remodelaci\u00f3n, convertirse en el polideportivo municipal. El equipo queda cuarto de la categor\u00eda y sube a Segunda Provincial.<\/p><div class=\"bloque-liga\"><h4>Liga Provincial<\/h4><article class=\"equipo\"><h5>Tercera \u2013 Gure Talde<\/h5><p><strong>Jugadores:<\/strong><\/p><ul><li>Patricio Jorge Gonzalez<\/li><li>Jesus Maria Tejedor<\/li><li>Jesus Bello<\/li><li>\u00bf? Bello<\/li><\/ul><\/article><\/div><\/section><section class=\"temporada\"><h3>Temporada 1989-1990<\/h3><p>El Club Gure Talde no jug\u00f3 ning\u00fan campeonato oficial debido a problemas internos. Debido a esto, se perdi\u00f3 la categor\u00eda.<\/p><\/section><section class=\"temporada\"><h3>Temporada 1988-1989<\/h3><p>En la segunda temporada en la liga, el n\u00famero de equipos se redujo a dos.<\/p><div class=\"bloque-liga\"><h4>Liga Provincial<\/h4><article class=\"equipo\"><h5>Tercera \u2013 Gure Talde \u00abA\u00bb<\/h5><p><strong>Jugadores:<\/strong><\/p><ul><li>Juan Carlos Gonzalez<\/li><li>Txomin Marcos<\/li><li>Gregorio Revilla<\/li><li>Juan Carlos Vaquero<\/li><li>Eduardo Arenas<\/li><\/ul><\/article><article class=\"equipo\"><h5>Tercera \u2013 Gure Talde \u00abB\u00bb<\/h5><p><strong>Jugadores:<\/strong><\/p><ul><li>Patricio Jorge Gonzalez<\/li><li>Pedro Luis Tomillo<\/li><li>Jesus Maria Bello<\/li><li>Emilio Casta\u00f1os<\/li><\/ul><\/article><\/div><p>Gure Talde \u00abA\u00bb jug\u00f3 la fase de ascenso, consigui\u00f3 quedar 3\u00ba en la Tercera Divisi\u00f3n Provincial, siendo el primer t\u00edtulo oficial que consigui\u00f3 el club. Adem\u00e1s, el equipo consigui\u00f3 el ascenso a Segunda Provincial.<\/p><p>En esta temporada se acudi\u00f3 al Campeonato de Bizkaia Absoluto, llegando uno de los participantes del club a cuartos de final en la categor\u00eda de Tercera.<\/p><\/section><section class=\"temporada\"><h3>Temporada 1987-1988<\/h3><p>Es la primera temporada del Club Gure Talde en la liga. Este a\u00f1o se federaron cuatro equipos en Tercera Divisi\u00f3n Provincial.<\/p><div class=\"bloque-liga\"><h4>Liga Provincial<\/h4><article class=\"equipo\"><h5>Tercera \u2013 Gure Talde \u00abA\u00bb<\/h5><p><strong>Jugadores:<\/strong><\/p><ul><li>Juan Carlos Gonzalez<\/li><li>Txomin Marcos<\/li><li>Jose Antonio Pascual<\/li><li>Gregorio Revilla<\/li><\/ul><\/article><article class=\"equipo\"><h5>Tercera \u2013 Gure Talde \u00abB\u00bb<\/h5><p><strong>Jugadores:<\/strong><\/p><ul><li>Juan Angel<\/li><li>Gregorio Revilla<\/li><li>Juan Carlos Vaquero<\/li><li>Eduardo Arenas<\/li><\/ul><\/article><article class=\"equipo\"><h5>Tercera \u2013 Gure Talde \u00abC\u00bb<\/h5><p><strong>Jugadores:<\/strong><\/p><ul><li>Adolfo Matobell<\/li><li>Emilio Casta\u00f1os<\/li><li>Jesus Maria Tejedor<\/li><li>Jose Ramon Fernandez<\/li><\/ul><\/article><article class=\"equipo\"><h5>Tercera \u2013 Gure Talde \u00abD\u00bb<\/h5><p><strong>Jugadores:<\/strong><\/p><ul><li>Pedro Luis Tomillo<\/li><li>Agustin Martinez<\/li><li>Patricio Jorge<\/li><li>Jesus Bello<\/li><\/ul><\/article><\/div><p>Fue una buena temporada para el club, pero la mala suerte impidi\u00f3 que tanto Gure Talde \u00abA\u00bb como Gure Talde \u00abD\u00bb consiguiesen el ascenso.<\/p><\/section>\t\t\t\t\t\t\t\t<\/div>\n\t\t\t\t\t<\/div>\n\t\t\t\t<\/div>\n\t\t\t\t<\/div>\n\t\t","protected":false},"excerpt":{"rendered":"<p>Temporadas anteriores Temporada 2019-2020 Ligas nacionales Segunda Nacional \u2013 Gure Talde Jugadores: Ander Aurrekoetxea (D) Imanol Martinez Jon Iparraguirre Oskar Gutierrez Segunda Nacional \u2013 Portugalete Jugadores: Eder Castresana (D) Aitor Angulo Alejandro Moreno I\u00f1aki Olmo Ligas auton\u00f3micas Divisi\u00f3n Honor Vasca \u2013 Gure Talde Jugadores: Fernando Oteo (D) Gaizka Herrojo Alain Carrasco Primera Divisi\u00f3n Vasca \u2013 [&hellip;]<\/p>\n","protected":false},"author":1,"featured_media":0,"parent":0,"menu_order":0,"comment_status":"closed","ping_status":"closed","template":"","meta":{"ngg_post_thumbnail":0,"footnotes":""},"class_list":["post-10981","page","type-page","status-publish","hentry"],"_links":{"self":[{"href":"https:\/\/guretalde.net\/index.php\/wp-json\/wp\/v2\/pages\/10981","targetHints":{"allow":["GET"]}}],"collection":[{"href":"https:\/\/guretalde.net\/index.php\/wp-json\/wp\/v2\/pages"}],"about":[{"href":"https:\/\/guretalde.net\/index.php\/wp-json\/wp\/v2\/types\/page"}],"author":[{"embeddable":true,"href":"https:\/\/guretalde.net\/index.php\/wp-json\/wp\/v2\/users\/1"}],"replies":[{"embeddable":true,"href":"https:\/\/guretalde.net\/index.php\/wp-json\/wp\/v2\/comments?post=10981"}],"version-history":[{"count":20,"href":"https:\/\/guretalde.net\/index.php\/wp-json\/wp\/v2\/pages\/10981\/revisions"}],"predecessor-version":[{"id":14269,"href":"https:\/\/guretalde.net\/index.php\/wp-json\/wp\/v2\/pages\/10981\/revisions\/14269"}],"wp:attachment":[{"href":"https:\/\/guretalde.net\/index.php\/wp-json\/wp\/v2\/media?parent=10981"}],"curies":[{"name":"wp","href":"https:\/\/api.w.org\/{rel}","templated":true}]}}